{"id":3,"date":"2023-04-25T17:12:43","date_gmt":"2023-04-25T17:12:43","guid":{"rendered":"http:\/\/sklep.alinaduchnowska.pl\/sklepad\/?page_id=3"},"modified":"2023-04-26T19:12:34","modified_gmt":"2023-04-26T19:12:34","slug":"privacy-policy","status":"publish","type":"page","link":"https:\/\/sklep.alinaduchnowska.pl\/sklepad\/index.php\/privacy-policy\/","title":{"rendered":"Polityka prywatno\u015bci"},"content":{"rendered":"\n<h2 class=\"wp-block-heading\"><\/h2>\n\n\n\n<p><strong>POLITYKA PRYWATNO\u015aCI DANYCH OSOBOWYCH (RODO)<\/strong><strong><\/strong><\/p>\n\n\n\n<p><strong>Alinaduchnowska.pl<\/strong><\/p>\n\n\n\n<p><strong>Sklep.alinaduchnowska.pl\/sklepad<\/strong><strong><\/strong><\/p>\n\n\n\n<p>Obowi\u0105zuje od 26.04.2023<\/p>\n\n\n\n<p><strong>\u00a71 <\/strong><strong><\/strong><\/p>\n\n\n\n<p><strong>To\u017csamo\u015b\u0107 administratora danych<\/strong><strong><\/strong><\/p>\n\n\n\n<ol class=\"wp-block-list\" type=\"1\">\n<li>Administratorem danych osobowych podawanych w trakcie korzystania ze Serwisu i\/lub Sklepu online prowadzonego pod nazw\u0105 alinaduchnowska.pl i sklep.alinaduchnowska.pl\/sklepad jest Alina Gawry\u015b AD Creations , ul. Tulipan\u00f3w 3a, 40-748 Katowice, <a href=\"mailto:kontakt@alinaduchnowska.pl\">kontakt@alinaduchnowska.pl<\/a> NIP: 9542646111 REGON: 525116199<\/li>\n\n\n\n<li>Dane przetwarzane s\u0105 zgodnie z aktualnie obowi\u0105zuj\u0105cymi przepisami prawa; tj. Rozporz\u0105dzeniem Parlamentu Europejskiego i Rady UE 2016\/679 z 27 kwietnia 2016 r. w sprawie ochrony os\u00f3b fizycznych w zwi\u0105zku z przetwarzaniem danych osobowych i w sprawie swobodnego przep\u0142ywu takich danych oraz uchylenia dyrektywy 95\/46\/WE (dalej: RODO), ustaw\u0105 z dnia 10 maja 2018 r. o ochronie danych, a tak\u017ce ustaw\u0105 z 18 lipca 2002 r. o \u015bwiadczeniu us\u0142ug drog\u0105 elektroniczn\u0105.<\/li>\n\n\n\n<li>Poni\u017csza Polityka Prywatno\u015bci obejmuje zasady przetwarzania danych U\u017cytkownik\u00f3w Strony, a tak\u017ce os\u00f3b zawieraj\u0105cych umowy z Administratorem danych, w tym zwi\u0105zanych z realizacj\u0105&nbsp; Zam\u00f3wienia w Sklepie internetowym, a tak\u017ce danych gromadzonych poprzez kontakt z Administratorem danych (adres e-mail lub telefonicznie) lub korespondencj\u0119 tradycyjn\u0105, jak i os\u00f3b, kt\u00f3re lubi\u0105 i\/lub obserwuj\u0105 fanpage Administratora w mediach spo\u0142eczno\u015bciowych, je\u015bli prowadzi.<\/li>\n<\/ol>\n\n\n\n<p><strong>\u00a72<\/strong><strong><\/strong><\/p>\n\n\n\n<p><strong>Stosowane definicje<\/strong><strong><\/strong><\/p>\n\n\n\n<ol class=\"wp-block-list\" type=\"1\">\n<li>W niniejszej polityce stosuje si\u0119 nast\u0119puj\u0105ce definicje:<ol><li><strong>Serwis\/Sklep<\/strong> &#8211; serwis internetowy dost\u0119pny pod adresem alinaduchnowska.pl i sklep.alinaduchnowska.pl\/sklepad za po\u015brednictwem kt\u00f3rego U\u017cytkownik mo\u017ce: przegl\u0105da\u0107 jego zawarto\u015b\u0107 (strona autorska, sklep on-line), kontaktowa\u0107 si\u0119 z administratorem danych (formularz kontaktowy), sk\u0142ada\u0107 zam\u00f3wienia na produkty i towary (sklep on-line).<\/li><\/ol><ol><li><strong>Administrator danych osobowych<\/strong> &#8211; podmiot, kt\u00f3ry decyduje o celu i \u015brodkach przetwarzania danych, w niniejszej polityce rozumie si\u0119 przez to: Alina Gawry\u015b AD Creations , ul. Tulipan\u00f3w 3a, 40-748 Katowice, <a href=\"mailto:kontakt@alinaduchnowska.pl\">kontakt@alinaduchnowska.pl<\/a> NIP: 9542646111 REGON: 525116199<\/li><\/ol><ol><li><strong>U\u017cytkownik<\/strong> &#8211; osoba fizyczna, kt\u00f3rej dane dotycz\u0105 i kt\u00f3ra korzysta z us\u0142ug dost\u0119pnych w Serwisie\/Sklepie.<\/li><\/ol>\n<ol class=\"wp-block-list\">\n<li><strong>Dane osobowe<\/strong> &#8211; wszelkie informacje, kt\u00f3re bez nadmiernego czasu i kosztu mog\u0105 doprowadzi\u0107 do identyfikacji osoby fizycznej, w tym jej dane identyfikacyjne, adresowe i kontaktowe.<\/li>\n<\/ol>\n<\/li>\n<\/ol>\n\n\n\n<p><strong>\u00a73 <\/strong><strong><\/strong><\/p>\n\n\n\n<p><strong>Cele przetwarzania danych osobowych<\/strong><strong><\/strong><\/p>\n\n\n\n<ol class=\"wp-block-list\" type=\"1\">\n<li>Administrator Danych Osobowych przetwarza dane osobowe wy\u0142\u0105cznie, gdy jest to dopuszczone aktualnie obowi\u0105zuj\u0105cymi przepisami prawa, w tym w celu:<ol><li>przygotowania i realizacji zawartej umowy sprzeda\u017cy, w tym zawarcia umowy na odleg\u0142o\u015b\u0107 za po\u015brednictwem sklepu internetowego, kt\u00f3rej osoba jest stron\u0105, a tak\u017ce realizacji uprawnie\u0144 z niej wynikaj\u0105cych, a przetwarzanie to odbywa si\u0119 na podstawie art. 6 ust. 1 lit b) RODO,<\/li><\/ol><ol><li>udokumentowania realizacji um\u00f3w, w tym wystawienia rachunku lub faktury dla osoby fizycznej, prowadzenia dokumentacji ksi\u0119gowej i podatkowej, na podstawie art. 6 ust. 1 lit. c) RODO, tj. w celu wykonania obowi\u0105zk\u00f3w prawnych ci\u0105\u017c\u0105cych na Administratorze danych osobowych, na podstawie art. 70 ustawy z dnia 29 sierpnia 1997 r. Ordynacja podatkowa,<\/li><\/ol><ol><li>podj\u0119cia dzia\u0142a\u0144 na \u017c\u0105danie osoby, kt\u00f3rej dane dotycz\u0105, w tym udzielenia odpowiedzi na pytania zadane poprzez \u015brodki komunikacji elektronicznej lub w celu obs\u0142ugi korespondencji tradycyjnej, a przetwarzanie to odbywa si\u0119 na podstawie art. 6 ust. 1 lit b) RODO,<\/li><\/ol><ol><li>rejestracji i za\u0142o\u017cenia Konta w Sklepie, a przetwarzanie&nbsp; to odbywa si\u0119 na podstawie art. 6 ust. 1 lit a) RODO, tj. zgody osoby, kt\u00f3rej dane dotycz\u0105,<\/li><\/ol><ol><li>marketingu w\u0142asnych produkt\u00f3w i us\u0142ug Administratora danych drog\u0105 tradycyjn\u0105, na podstawie art. 6 ust. 1 lit. f) RODO, tj. w celu realizacji prawnie uzasadnionych interes\u00f3w administratora danych lub osoby, kt\u00f3rej dane dotycz\u0105,<\/li><\/ol><ol><li>w celu wys\u0142ania maila z pro\u015bb\u0105 o ocen\u0119 Sklepu i\/lub Towaru\/Produktu odbywa si\u0119 na podstawie art. 6 ust. 1 lit f) RODO, a przetwarzanie to odbywa si\u0119 w usprawiedliwionym celu administratora danych (Sprzedawcy), kt\u00f3rym jest doskonalenie oferty i\/lub Towaru\/Produktu i\/lub Sklepu poprzez gromadzenie rzetelnych opinii o nich przez w\u0142a\u015bciciela Sklepu,<\/li><\/ol>\n<ol class=\"wp-block-list\">\n<li>dochodzenia praw i roszcze\u0144 przez Administratora danych lub osob\u0119, kt\u00f3rej dane dotycz\u0105, na podstawie art. 6 ust. 1 lit f) RODO i odbywa si\u0119 w prawnie usprawiedliwionym celu.<\/li>\n<\/ol>\n<\/li>\n\n\n\n<li>Podanie danych osobowych jest niezb\u0119dne w celu realizacji umowy zawartej na odleg\u0142o\u015b\u0107,&nbsp; w tym wysy\u0142ki towaru lub udost\u0119pnienia produktu cyfrowego i wystawienia dokumentu ksi\u0119gowego, dochodzenia roszcze\u0144, a tak\u017ce udzielenia odpowiedzi na pytania. Podanie danych osobowych w pozosta\u0142ym zakresie jest dobrowolne.<\/li>\n\n\n\n<li>Brak podania wymaganych danych uniemo\u017cliwia realizacj\u0119 umowy zawartej na odleg\u0142o\u015b\u0107, wystawienie rachunku lub faktury lub podj\u0119cie kontaktu na \u017c\u0105danie osoby, kt\u00f3rej dane dotycz\u0105.<\/li>\n<\/ol>\n\n\n\n<p><strong>\u00a74 <\/strong><strong><\/strong><\/p>\n\n\n\n<p><strong>Sposoby pozyskiwania danych<\/strong><strong><\/strong><\/p>\n\n\n\n<ol class=\"wp-block-list\" type=\"1\">\n<li>Dane osobowe U\u017cytkownika gromadzone s\u0105 bezpo\u015brednio od os\u00f3b, kt\u00f3rych dane dotycz\u0105, tj. poprzez:<ol><li>wype\u0142nienie formularza z danymi kontaktowymi podczas sk\u0142adania&nbsp;zapytania przez formularz na stronie,<\/li><\/ol><ol><li>wype\u0142nienie formularza zam\u00f3wienia w sklepie-online,<\/li><\/ol><ol><li>rejestracja konta w Serwisie,<\/li><\/ol><ol><li>podanie danych do przygotowania i zawarcia umowy,<\/li><\/ol>\n<ol class=\"wp-block-list\">\n<li>bezpo\u015bredni kontakt z administratorem danych za pomoc\u0105 danych teleadresowych dost\u0119pnych na stronie lub w formie tradycyjnej w miejscu prowadzenia dzia\u0142alno\u015bci.<\/li>\n<\/ol>\n<\/li>\n<\/ol>\n\n\n\n<p><strong>\u00a75 <\/strong><strong><\/strong><\/p>\n\n\n\n<p><strong>Zakres przetwarzanych danych<\/strong><strong><\/strong><\/p>\n\n\n\n<ol class=\"wp-block-list\" type=\"1\">\n<li>Zakres przetwarzanych danych osobowych zosta\u0142 ograniczony do minimum niezb\u0119dnego do \u015bwiadczenia us\u0142ug w zakresie:<ol><li>z\u0142o\u017cenia zapytania przez formularz kontaktowy lub za pomoc\u0105 danych teleadresowych dost\u0119pnych na stronie: adres e-mail numer telefonu, adres poczty elektronicznej, imi\u0119, ewentualne inne dane podane dobrowolnie przez osob\u0119, kt\u00f3rej dane dotycz\u0105,<\/li><\/ol><ol><li>z\u0142o\u017cenia zam\u00f3wienia w sklepie online: imi\u0119 i nazwisko, adres e-mail, numer telefonu, adres dostawy, ewentualnie adres punktu odbioru,<\/li><\/ol><ol><li>rejestracji konta w Serwisie lub sklepie online: imi\u0119 i nazwisko, adres e-mail, has\u0142o, login,<\/li><\/ol>\n<ol class=\"wp-block-list\">\n<li>wystawienia rachunku lub faktury: imi\u0119 i nazwisko lub nazwa podmiotu, adres siedziby, NIP,<\/li>\n<\/ol>\n<\/li>\n<\/ol>\n\n\n\n<p><strong>\u00a76<\/strong><strong><\/strong><\/p>\n\n\n\n<p><strong>Okres przetwarzania danych<\/strong><strong><\/strong><\/p>\n\n\n\n<ol class=\"wp-block-list\" type=\"1\">\n<li>Okres przetwarzania danych jest uzale\u017cniony od celu, dla kt\u00f3rego dane zosta\u0142y zebrane i wynosi w celu:<ol><li>zawarcia i realizacja umowy sprzeda\u017cy, w tym sprzeda\u017cy na odleg\u0142o\u015b\u0107 &#8211; przez okres niezb\u0119dny do udokumentowania wykonanej umowy, w tym wystawienia rachunku lub faktury &#8211; 5 lat, licz\u0105c od ko\u0144ca roku kalendarzowego, w kt\u00f3rym up\u0142yn\u0105\u0142 termin p\u0142atno\u015bci podatku, na podstawie art. 112 ustawy z dnia 11 marca 2004 r. o podatku od towar\u00f3w i us\u0142ug, w zwi\u0105zku z art. 70 ustawy z dnia 29 sierpnia 1997 r. &#8211; Ordynacja podatkowa,<\/li><\/ol><ol><li>w celu wysy\u0142ania informacji handlowych drog\u0105 elektroniczn\u0105 (newsletter) i\/lub za\u0142o\u017cenia Konta w Sklepie\/wysy\u0142ania zapytania o opini\u0119 przez zewn\u0119trzne serwisy badania satysfakcji &#8211; do czasu odwo\u0142ania zgody, bez wp\u0142ywu na zgodno\u015b\u0107 przetwarzania, kt\u00f3rego dokonano przed jej odwo\u0142aniem,<\/li><\/ol><ol><li>przez okres niezb\u0119dny do udzielenia odpowiedzi na pytanie zadane przez formularz kontaktowy lub drog\u0105 telefoniczn\u0105, ale nie d\u0142u\u017cej ni\u017c przez 6 miesi\u0119cy, o ile osoba nie zdecyduje si\u0119 zawrze\u0107 umowy z Administratorem danych osobowych,<\/li><\/ol>\n<ol class=\"wp-block-list\">\n<li>w celu dochodzenia roszcze\u0144, na podstawie ustawy z art. 118 ustawy z dnia 23 kwietnia 1964 r. &#8211; Kodeks cywilny. Je\u017celi przepis szczeg\u00f3lny nie stanowi inaczej, termin przedawnienia wynosi sze\u015b\u0107 lat, a dla roszcze\u0144 o \u015bwiadczenia okresowe oraz roszcze\u0144 zwi\u0105zanych z prowadzeniem dzia\u0142alno\u015bci gospodarczej \u2013 trzy lata.<\/li>\n<\/ol>\n<\/li>\n<\/ol>\n\n\n\n<p><strong>\u00a77 <\/strong><strong><\/strong><\/p>\n\n\n\n<p><strong>Odbiorcy danych<\/strong><strong><\/strong><\/p>\n\n\n\n<ol class=\"wp-block-list\" type=\"1\">\n<li>Dane osobowe U\u017cytkownika mog\u0105 zosta\u0107 powierzone innym podmiotom w celu wykonania us\u0142ug na zlecenie administratora danych, w szczeg\u00f3lno\u015bci podmiotom w zakresie:\u00a0<ol><li>hostingu strony www,<\/li><\/ol><ol><li>serwisu i utrzymania system\u00f3w informatycznych, w kt\u00f3rych dane s\u0105 przetwarzane, w tym w celu automatyzacji newslettera, wystawiania faktur, obs\u0142ugi zam\u00f3wie\u0144, etc.,<\/li><\/ol><ol><li>prowadzenia obs\u0142ugi ksi\u0119gowej,<\/li><\/ol><ol><li>prowadzenia obs\u0142ugi biurowej,<\/li><\/ol><ol><li>brokera us\u0142ug kurierskich,<\/li><\/ol>\n<ol class=\"wp-block-list\">\n<li>dropshippingu i\/lub obs\u0142ugi logistycznej zam\u00f3wie\u0144.<\/li>\n<\/ol>\n<\/li>\n\n\n\n<li>Dane osobowe U\u017cytkownika mog\u0105 zosta\u0107 tak\u017ce udost\u0119pnione podmiotom wspieraj\u0105cym administratora danych, w tym podmiotom realizuj\u0105cym us\u0142ugi kurierskie i pocztowe, obs\u0142ug\u0119 p\u0142atno\u015bci online.<\/li>\n\n\n\n<li>Dane osobowe U\u017cytkownika nie s\u0105 przekazywane do pa\u0144stw trzecich, ani organizacji mi\u0119dzynarodowych. &nbsp;<\/li>\n\n\n\n<li>Dane osobowe mog\u0105 by\u0107 przetwarzane poza Europejskim Obszarem Gospodarczym w tzw. pa\u0144stwie trzecim, w szczeg\u00f3lno\u015bci na terenie Stan\u00f3w Zjednoczonych Ameryki w zwi\u0105zku z korzystaniem przez Administratora z rozwi\u0105za\u0144 informatycznych, kt\u00f3rych serwery s\u0105 zlokalizowane poza Europejskim Obszarem Gospodarczym. Podstaw\u0105 przetwarzania danych na terenie pa\u0144stw trzecich b\u0119dzie decyzja Komisji Europejskiej 2021\/914 w&nbsp;sprawie standardowych klauzul umownych dotycz\u0105cych przekazywania danych osobowych do pa\u0144stw trzecich. Administrator danych i dostawca us\u0142ugi zapewnia\u0107 b\u0119d\u0105 najwy\u017csze gwarancje ochrony powierzonych danych. Przetwarzanie danych nie b\u0119dzie narusza\u0107 prywatno\u015bci os\u00f3b fizycznych.<\/li>\n<\/ol>\n\n\n\n<p><strong>\u00a78<\/strong><strong><\/strong><\/p>\n\n\n\n<p><strong>Fanpage Administratora danych w mediach spo\u0142eczno\u015bciowych<\/strong><strong><\/strong><\/p>\n\n\n\n<ol class=\"wp-block-list\" type=\"1\">\n<li>Administrator danych jest tak\u017ce jednocze\u015bnie wsp\u00f3\u0142administratorem danych jego obserwator\u00f3w w mediach spo\u0142eczno\u015bciowych &#8211; szczeg\u00f3lnie os\u00f3b, kt\u00f3re&nbsp; korzystaj\u0105 ze \u015brodk\u00f3w komunikacji elektronicznej na fanpage\u2019u &#8211; Facebook &#8211; <strong>\u201e@<\/strong> <strong>alinaduchnowskaautorka\u201d<\/strong> i\/lub Instagram pod nazw\u0105 konta <strong>\u201e@<\/strong> <strong>alina_duchnowska_autorka\u201d i\/lub TikTok \u201c@alinaduchnowska\u201d<\/strong>, prowadzonych przez Administratora danych w tych serwisach spo\u0142eczno\u015bciowych.<\/li>\n\n\n\n<li>W pozosta\u0142ym zakresie administratorem danych U\u017cytkownik\u00f3w tych serwis\u00f3w spo\u0142eczno\u015bciowych jest Meta Platforms Ireland Limited (dawniej: Facebook Inc., z siedzib\u0105 przy 1 Hacker Way, Menlo Park, CA 94025, USA), a przetwarzanie tych danych odbywa si\u0119 na zasadach opisanych w regulaminach i politykach prywatno\u015bci u\u017cytkownik\u00f3w tych serwis\u00f3w, w tym na: <a href=\"https:\/\/www.facebook.com\/privacy\">https:\/\/www.facebook.com\/privacy<\/a><\/li>\n\n\n\n<li>Dane osobowe U\u017cytkownika, kt\u00f3ry lubi i\/lub obserwuje fanpage Administratora w mediach spo\u0142eczno\u015bciowych b\u0119d\u0105 przetwarzane poza Europejskim Obszarem Gospodarczym w tzw. pa\u0144stwie trzecim, w szczeg\u00f3lno\u015bci na terenie Stan\u00f3w Zjednoczonych Ameryki w zwi\u0105zku ze stosowaniem rozwi\u0105za\u0144 informatycznych, kt\u00f3rych serwery s\u0105 zlokalizowane poza Europejskim Obszarem Gospodarczym.<\/li>\n\n\n\n<li>Podstaw\u0105 przetwarzania danych na terenie pa\u0144stw trzecich b\u0119dzie decyzja Komisji Europejskiej 2021\/914 w&nbsp;sprawie standardowych klauzul umownych dotycz\u0105cych przekazywania danych osobowych do pa\u0144stw trzecich. Administrator danych i dostawca us\u0142ugi zapewnia\u0107 b\u0119d\u0105 najwy\u017csze gwarancje ochrony powierzonych danych. Przetwarzanie danych nie b\u0119dzie narusza\u0107 prywatno\u015bci os\u00f3b fizycznych.<\/li>\n<\/ol>\n\n\n\n<p><strong>\u00a79<\/strong><strong><\/strong><\/p>\n\n\n\n<p><strong>Prawa os\u00f3b, kt\u00f3rych dane dotycz\u0105<\/strong><strong><\/strong><\/p>\n\n\n\n<ol class=\"wp-block-list\" type=\"1\">\n<li>Osobom, kt\u00f3rych dane dotycz\u0105 przys\u0142uguje prawo:<ol><li>dost\u0119pu do tre\u015bci danych osobowych, w tym otrzymania bezp\u0142atnie pierwszej kopii tre\u015bci danych osobowych,<\/li><\/ol><ol><li>do poprawiania danych,<\/li><\/ol><ol><li>prawo do usuni\u0119cia danych, o ile nie obowi\u0105zuj\u0105 inne przepisy prawa, kt\u00f3re zobowi\u0105zuj\u0105 administratora danych do archiwizacji danych przez okre\u015blony czas,<\/li><\/ol><ol><li>prawo do przenoszenia danych, o ile podstaw\u0105 przetwarzania danych jest umowa lub zgoda osoby, kt\u00f3rej dane dotycz\u0105, a przetwarzanie danych odbywa si\u0119 w spos\u00f3b automatyczny,<\/li><\/ol><ol><li>do odwo\u0142ania zgody na przetwarzanie danych osobowych &#8211; je\u015bli podstaw\u0105 tego przetwarzania by\u0142a zgoda osoby, kt\u00f3rej dane dotycz\u0105. Odwo\u0142anie zgody nie ma wp\u0142ywu na zgodno\u015b\u0107 przetwarzania, kt\u00f3rego dokonano przed jej wycofaniem,<\/li><\/ol><ol><li>do wniesienia sprzeciwu na przetwarzanie danych \u2013 z przyczyn zwi\u0105zanych ze szczeg\u00f3ln\u0105 sytuacj\u0105&nbsp; wobec przetwarzania dotycz\u0105cych danych osobowych opartego na art. 6 ust. 1 lit. e) lub f) RODO, a tak\u017ce prawo do ograniczenia przetwarzania,<\/li><\/ol><ol><li>prawo do niepodlegania automatycznemu profilowaniu, je\u015bli administrator danych podejmowa\u0142by decyzje opieraj\u0105ce si\u0119 wy\u0142\u0105cznie na automatycznym profilowaniu i nios\u0105ce ze sob\u0105 skutki prawne dla osoby, kt\u00f3rej dane dotycz\u0105 lub podobnie na ni\u0105 wp\u0142ywa\u0142y,<\/li><\/ol>\n<ol class=\"wp-block-list\">\n<li>prawo do kontroli przetwarzania danych i informacji na temat tego, kto jest administratorem danych, a tak\u017ce uzyskania informacji o celu, zakresie i sposobie przetwarzania danych, tre\u015bci tych danych, \u017ar\u00f3dle danych, a tak\u017ce sposobie udost\u0119pniania, w tym o odbiorcach lub kategoriach odbiorc\u00f3w danych,<\/li>\n<\/ol>\n<\/li>\n\n\n\n<li>W celu realizacji prawa do informacji, dost\u0119pu do tre\u015bci danych, ich poprawiania, a tak\u017ce innych praw, mo\u017cna skontaktowa\u0107 si\u0119 z Administratorem danych.<\/li>\n\n\n\n<li>Osoba, kt\u00f3rej dane dotycz\u0105 ma tak\u017ce prawo do wniesienia skargi do Urz\u0119du Ochrony Danych Osobowych (UODO), je\u015bli przetwarzanie danych narusza przepisy Og\u00f3lnego rozporz\u0105dzania o ochronie danych osobowych (RODO). Skarga mo\u017ce zosta\u0107 wniesiona w formie elektronicznej lub tradycyjnej na adres: Urz\u0105d Ochrony Danych Osobowych, ul. Stawki 2, 00-193 Warszawa.<\/li>\n<\/ol>\n\n\n\n<p><strong>\u00a710<\/strong><strong><\/strong><\/p>\n\n\n\n<p><strong>Postanowienia ko\u0144cowe<\/strong><strong><\/strong><\/p>\n\n\n\n<p>W przypadku zmiany obowi\u0105zuj\u0105cej polityki prywatno\u015bci, w szczeg\u00f3lno\u015bci gdy b\u0119d\u0105 tego wymaga\u0142y zastosowane rozwi\u0105zania techniczne lub miany przepis\u00f3w prawa w zakresie prywatno\u015bci os\u00f3b, kt\u00f3rych dane dotycz\u0105, wprowadzone zostan\u0105 odpowiednie modyfikacje do niniejszej Polityki Prywatno\u015bci, kt\u00f3re b\u0119d\u0105 obowi\u0105zywa\u0142y w ciagu 14 dni od ich opublikowania na stronie Serwisu\/Sklepu.<\/p>\n","protected":false},"excerpt":{"rendered":"<p>POLITYKA PRYWATNO\u015aCI DANYCH OSOBOWYCH (RODO) Alinaduchnowska.pl Sklep.alinaduchnowska.pl\/sklepad Obowi\u0105zuje od 26.04.2023 \u00a71 To\u017csamo\u015b\u0107 administratora danych \u00a72 Stosowane definicje \u00a73 Cele przetwarzania&#8230;<\/p>\n","protected":false},"author":1,"featured_media":0,"parent":0,"menu_order":0,"comment_status":"closed","ping_status":"open","template":"","meta":{"two_page_speed":[],"footnotes":""},"class_list":["post-3","page","type-page","status-publish","hentry"],"yoast_head":"<!-- This site is optimized with the Yoast SEO plugin v27.1.1 - https:\/\/yoast.com\/product\/yoast-seo-wordpress\/ -->\n<title>Polityka prywatno\u015bci - Sklep Alina Duchnowska<\/title>\n<meta name=\"robots\" content=\"index, follow, max-snippet:-1, max-image-preview:large, max-video-preview:-1\" \/>\n<link rel=\"canonical\" href=\"https:\/\/sklep.alinaduchnowska.pl\/sklepad\/index.php\/privacy-policy\/\" \/>\n<meta property=\"og:locale\" content=\"en_US\" \/>\n<meta property=\"og:type\" content=\"article\" \/>\n<meta property=\"og:title\" content=\"Polityka prywatno\u015bci - Sklep Alina Duchnowska\" \/>\n<meta property=\"og:description\" content=\"POLITYKA PRYWATNO\u015aCI DANYCH OSOBOWYCH (RODO) Alinaduchnowska.pl Sklep.alinaduchnowska.pl\/sklepad Obowi\u0105zuje od 26.04.2023 \u00a71 To\u017csamo\u015b\u0107 administratora danych \u00a72 Stosowane definicje \u00a73 Cele przetwarzania...\" \/>\n<meta property=\"og:url\" content=\"https:\/\/sklep.alinaduchnowska.pl\/sklepad\/index.php\/privacy-policy\/\" \/>\n<meta property=\"og:site_name\" content=\"Sklep Alina Duchnowska\" \/>\n<meta property=\"article:publisher\" content=\"https:\/\/www.facebook.com\/alinaduchnowskaautorka\" \/>\n<meta property=\"article:modified_time\" content=\"2023-04-26T19:12:34+00:00\" \/>\n<meta name=\"twitter:card\" content=\"summary_large_image\" \/>\n<meta name=\"twitter:label1\" content=\"Est. reading time\" \/>\n\t<meta name=\"twitter:data1\" content=\"10 minutes\" \/>\n<script type=\"application\/ld+json\" class=\"yoast-schema-graph\">{\"@context\":\"https:\/\/schema.org\",\"@graph\":[{\"@type\":\"WebPage\",\"@id\":\"https:\/\/sklep.alinaduchnowska.pl\/sklepad\/index.php\/privacy-policy\/\",\"url\":\"https:\/\/sklep.alinaduchnowska.pl\/sklepad\/index.php\/privacy-policy\/\",\"name\":\"Polityka prywatno\u015bci - Sklep Alina Duchnowska\",\"isPartOf\":{\"@id\":\"https:\/\/sklep.alinaduchnowska.pl\/sklepad\/#website\"},\"datePublished\":\"2023-04-25T17:12:43+00:00\",\"dateModified\":\"2023-04-26T19:12:34+00:00\",\"breadcrumb\":{\"@id\":\"https:\/\/sklep.alinaduchnowska.pl\/sklepad\/index.php\/privacy-policy\/#breadcrumb\"},\"inLanguage\":\"en-US\",\"potentialAction\":[{\"@type\":\"ReadAction\",\"target\":[\"https:\/\/sklep.alinaduchnowska.pl\/sklepad\/index.php\/privacy-policy\/\"]}]},{\"@type\":\"BreadcrumbList\",\"@id\":\"https:\/\/sklep.alinaduchnowska.pl\/sklepad\/index.php\/privacy-policy\/#breadcrumb\",\"itemListElement\":[{\"@type\":\"ListItem\",\"position\":1,\"name\":\"Strona g\u0142\u00f3wna\",\"item\":\"https:\/\/sklep.alinaduchnowska.pl\/sklepad\/\"},{\"@type\":\"ListItem\",\"position\":2,\"name\":\"Polityka prywatno\u015bci\"}]},{\"@type\":\"WebSite\",\"@id\":\"https:\/\/sklep.alinaduchnowska.pl\/sklepad\/#website\",\"url\":\"https:\/\/sklep.alinaduchnowska.pl\/sklepad\/\",\"name\":\"Sklep Alina Duchnowska\",\"description\":\"\",\"publisher\":{\"@id\":\"https:\/\/sklep.alinaduchnowska.pl\/sklepad\/#\/schema\/person\/5a03d5ff8b938bf848d10e19e2909440\"},\"potentialAction\":[{\"@type\":\"SearchAction\",\"target\":{\"@type\":\"EntryPoint\",\"urlTemplate\":\"https:\/\/sklep.alinaduchnowska.pl\/sklepad\/?s={search_term_string}\"},\"query-input\":{\"@type\":\"PropertyValueSpecification\",\"valueRequired\":true,\"valueName\":\"search_term_string\"}}],\"inLanguage\":\"en-US\"},{\"@type\":[\"Person\",\"Organization\"],\"@id\":\"https:\/\/sklep.alinaduchnowska.pl\/sklepad\/#\/schema\/person\/5a03d5ff8b938bf848d10e19e2909440\",\"name\":\"alinadasklep\",\"image\":{\"@type\":\"ImageObject\",\"inLanguage\":\"en-US\",\"@id\":\"https:\/\/sklep.alinaduchnowska.pl\/sklepad\/#\/schema\/person\/image\/\",\"url\":\"https:\/\/sklep.alinaduchnowska.pl\/sklepad\/wp-content\/uploads\/2023\/04\/logo-kolor-mini-jpg.jpg\",\"contentUrl\":\"https:\/\/sklep.alinaduchnowska.pl\/sklepad\/wp-content\/uploads\/2023\/04\/logo-kolor-mini-jpg.jpg\",\"width\":197,\"height\":197,\"caption\":\"alinadasklep\"},\"logo\":{\"@id\":\"https:\/\/sklep.alinaduchnowska.pl\/sklepad\/#\/schema\/person\/image\/\"},\"description\":\"Urodzona w 1988. Pisarka i samodzielna wydawczyni, autorka cyklu fantasy \u201eKlan Smoka\u201d. Lubi snu\u0107 opowie\u015bci o magii i mi\u0142o\u015bci. Wielbicielka mangi i anime oraz zapalona r\u0119kodzielniczka. Mi\u0142o\u015bci\u0105 jej \u017cycia s\u0105 koty, kt\u00f3re lgn\u0105 do niej ca\u0142ymi stadami. Dlatego gdziekolwiek idzie, towarzysz\u0105 jej chmury kociego futerka.\",\"sameAs\":[\"http:\/\/sklep.alinaduchnowska.pl\/sklepad\",\"https:\/\/www.facebook.com\/alinaduchnowskaautorka\",\"https:\/\/www.instagram.com\/alina_duchnowska_autorka\/\",\"https:\/\/www.youtube.com\/channel\/UCdmmU95sCOeZjpMXyH2zw3w\"]}]}<\/script>\n<!-- \/ Yoast SEO plugin. -->","yoast_head_json":{"title":"Polityka prywatno\u015bci - Sklep Alina Duchnowska","robots":{"index":"index","follow":"follow","max-snippet":"max-snippet:-1","max-image-preview":"max-image-preview:large","max-video-preview":"max-video-preview:-1"},"canonical":"https:\/\/sklep.alinaduchnowska.pl\/sklepad\/index.php\/privacy-policy\/","og_locale":"en_US","og_type":"article","og_title":"Polityka prywatno\u015bci - Sklep Alina Duchnowska","og_description":"POLITYKA PRYWATNO\u015aCI DANYCH OSOBOWYCH (RODO) Alinaduchnowska.pl Sklep.alinaduchnowska.pl\/sklepad Obowi\u0105zuje od 26.04.2023 \u00a71 To\u017csamo\u015b\u0107 administratora danych \u00a72 Stosowane definicje \u00a73 Cele przetwarzania...","og_url":"https:\/\/sklep.alinaduchnowska.pl\/sklepad\/index.php\/privacy-policy\/","og_site_name":"Sklep Alina Duchnowska","article_publisher":"https:\/\/www.facebook.com\/alinaduchnowskaautorka","article_modified_time":"2023-04-26T19:12:34+00:00","twitter_card":"summary_large_image","twitter_misc":{"Est. reading time":"10 minutes"},"schema":{"@context":"https:\/\/schema.org","@graph":[{"@type":"WebPage","@id":"https:\/\/sklep.alinaduchnowska.pl\/sklepad\/index.php\/privacy-policy\/","url":"https:\/\/sklep.alinaduchnowska.pl\/sklepad\/index.php\/privacy-policy\/","name":"Polityka prywatno\u015bci - Sklep Alina Duchnowska","isPartOf":{"@id":"https:\/\/sklep.alinaduchnowska.pl\/sklepad\/#website"},"datePublished":"2023-04-25T17:12:43+00:00","dateModified":"2023-04-26T19:12:34+00:00","breadcrumb":{"@id":"https:\/\/sklep.alinaduchnowska.pl\/sklepad\/index.php\/privacy-policy\/#breadcrumb"},"inLanguage":"en-US","potentialAction":[{"@type":"ReadAction","target":["https:\/\/sklep.alinaduchnowska.pl\/sklepad\/index.php\/privacy-policy\/"]}]},{"@type":"BreadcrumbList","@id":"https:\/\/sklep.alinaduchnowska.pl\/sklepad\/index.php\/privacy-policy\/#breadcrumb","itemListElement":[{"@type":"ListItem","position":1,"name":"Strona g\u0142\u00f3wna","item":"https:\/\/sklep.alinaduchnowska.pl\/sklepad\/"},{"@type":"ListItem","position":2,"name":"Polityka prywatno\u015bci"}]},{"@type":"WebSite","@id":"https:\/\/sklep.alinaduchnowska.pl\/sklepad\/#website","url":"https:\/\/sklep.alinaduchnowska.pl\/sklepad\/","name":"Sklep Alina Duchnowska","description":"","publisher":{"@id":"https:\/\/sklep.alinaduchnowska.pl\/sklepad\/#\/schema\/person\/5a03d5ff8b938bf848d10e19e2909440"},"potentialAction":[{"@type":"SearchAction","target":{"@type":"EntryPoint","urlTemplate":"https:\/\/sklep.alinaduchnowska.pl\/sklepad\/?s={search_term_string}"},"query-input":{"@type":"PropertyValueSpecification","valueRequired":true,"valueName":"search_term_string"}}],"inLanguage":"en-US"},{"@type":["Person","Organization"],"@id":"https:\/\/sklep.alinaduchnowska.pl\/sklepad\/#\/schema\/person\/5a03d5ff8b938bf848d10e19e2909440","name":"alinadasklep","image":{"@type":"ImageObject","inLanguage":"en-US","@id":"https:\/\/sklep.alinaduchnowska.pl\/sklepad\/#\/schema\/person\/image\/","url":"https:\/\/sklep.alinaduchnowska.pl\/sklepad\/wp-content\/uploads\/2023\/04\/logo-kolor-mini-jpg.jpg","contentUrl":"https:\/\/sklep.alinaduchnowska.pl\/sklepad\/wp-content\/uploads\/2023\/04\/logo-kolor-mini-jpg.jpg","width":197,"height":197,"caption":"alinadasklep"},"logo":{"@id":"https:\/\/sklep.alinaduchnowska.pl\/sklepad\/#\/schema\/person\/image\/"},"description":"Urodzona w 1988. Pisarka i samodzielna wydawczyni, autorka cyklu fantasy \u201eKlan Smoka\u201d. Lubi snu\u0107 opowie\u015bci o magii i mi\u0142o\u015bci. Wielbicielka mangi i anime oraz zapalona r\u0119kodzielniczka. Mi\u0142o\u015bci\u0105 jej \u017cycia s\u0105 koty, kt\u00f3re lgn\u0105 do niej ca\u0142ymi stadami. Dlatego gdziekolwiek idzie, towarzysz\u0105 jej chmury kociego futerka.","sameAs":["http:\/\/sklep.alinaduchnowska.pl\/sklepad","https:\/\/www.facebook.com\/alinaduchnowskaautorka","https:\/\/www.instagram.com\/alina_duchnowska_autorka\/","https:\/\/www.youtube.com\/channel\/UCdmmU95sCOeZjpMXyH2zw3w"]}]}},"jetpack_sharing_enabled":true,"_links":{"self":[{"href":"https:\/\/sklep.alinaduchnowska.pl\/sklepad\/index.php\/wp-json\/wp\/v2\/pages\/3","targetHints":{"allow":["GET"]}}],"collection":[{"href":"https:\/\/sklep.alinaduchnowska.pl\/sklepad\/index.php\/wp-json\/wp\/v2\/pages"}],"about":[{"href":"https:\/\/sklep.alinaduchnowska.pl\/sklepad\/index.php\/wp-json\/wp\/v2\/types\/page"}],"author":[{"embeddable":true,"href":"https:\/\/sklep.alinaduchnowska.pl\/sklepad\/index.php\/wp-json\/wp\/v2\/users\/1"}],"replies":[{"embeddable":true,"href":"https:\/\/sklep.alinaduchnowska.pl\/sklepad\/index.php\/wp-json\/wp\/v2\/comments?post=3"}],"version-history":[{"count":1,"href":"https:\/\/sklep.alinaduchnowska.pl\/sklepad\/index.php\/wp-json\/wp\/v2\/pages\/3\/revisions"}],"predecessor-version":[{"id":122,"href":"https:\/\/sklep.alinaduchnowska.pl\/sklepad\/index.php\/wp-json\/wp\/v2\/pages\/3\/revisions\/122"}],"wp:attachment":[{"href":"https:\/\/sklep.alinaduchnowska.pl\/sklepad\/index.php\/wp-json\/wp\/v2\/media?parent=3"}],"curies":[{"name":"wp","href":"https:\/\/api.w.org\/{rel}","templated":true}]}}